{"id":23,"name":"jezyk-migowy","title":"J\u0119zyk migowy","desc":"","header":"","lead":"","keywords":"","changes":"aktualizacja","menu":"J\u0119zyk migowy","path":"\/jezyk-migowy.html","url":"\/jezyk-migowy.html","infoOwner":"Jednostka 3","dateFirstPublicate":"2021-08-16 07:15:56","dateLastVersionPublicate":"2024-11-07 14:42:41","dateAvailableFrom":"2021-08-16 07:15:38","dateAvailableTo":"","type":"jednostki_Zwyk\u0142a","pageParams":[],"components":[{"id":"93bb94fe-7312-11e9-90c1-000c290e6fc2","type":"SectionDescription","name":"","description":"Zajawka sekcji","content":[]},{"id":"93bbe8e3-7312-11e9-90c1-000c290e6fc2","type":"PageTitle","name":"Tytu\u0142 strony","description":"Tytu\u0142 strony","content":[]},{"id":"93bc435c-7312-11e9-90c1-000c290e6fc2","type":"PageDescription","name":"","description":"Zajawka strony","content":[]},{"id":"93bcef8e-7312-11e9-90c1-000c290e6fc2","type":"ContentWYSIWYG","name":"Tre\u015b\u0107","description":"Tre\u015b\u0107 strony","content":{"content":"\u003Cdiv class=\u0022component component-accepted\u0022 data-id=\u002293bbe8e3-7312-11e9-90c1-000c290e6fc2\u0022 data-is-editable=\u00221\u0022 data-name=\u0022Cms_PageTitle\u0022\u003E\n\u003Cdiv class=\u0022component-title component-page-title\u0022\u003E\n\u003Cdiv class=\u0022component-wrapper\u0022\u003E\n\u003Cdiv class=\u0022component-head\u0022\u003E\n\u003Ch1\u003E\u003Cstrong\u003E\u015awiadczenie us\u0142ug t\u0142umacza migowego\u003C\/strong\u003E\u003C\/h1\u003E\n\u003C\/div\u003E\n\u003Cdiv class=\u0022component-head\u0022\u003E\u003Cstrong\u003E\u003C\/strong\u003E\u003C\/div\u003E\n\u003C\/div\u003E\n\u003C\/div\u003E\n\u003C\/div\u003E\n\u003Cdiv class=\u0022component component-accepted\u0022 data-id=\u002293bc435c-7312-11e9-90c1-000c290e6fc2\u0022 data-is-editable=\u00220\u0022 data-name=\u0022Cms_PageDescription\u0022\u003E\u003Cfieldset\u003E\u003Clegend\u003E\u003Cstrong\u003EOg\u00f3lny opis\u003C\/strong\u003E\u003Cbr \/\u003E\u003C\/legend\u003E\n\u003Col\u003E\n\u003Cli\u003EInformacja w sprawie realizacji uprawnie\u0144 wynikaj\u0105cych z ustawy o j\u0119zyku migowym i innych \u015brodkach komunikowania si\u0119:\n\u003Cp\u003EZ dniem 1 kwietnia 2012 r. wesz\u0142a w \u017cycie ustawa o j\u0119zyku migowym i innych \u015brodkach komunikowania si\u0119 (Dz.U. z 2017 r. poz. 1824). Daje ona osobom do\u015bwiadczaj\u0105cym trwale lub okresowo trudno\u015bci w komunikowaniu si\u0119 (dalej: osoby uprawnione) prawo do skorzystania z us\u0142ug t\u0142umacza j\u0119zyka migowego przy za\u0142atwianiu spraw w Centrum Kszta\u0142cenia Zawodowego i Ustawicznego Wojew\u00f3dztwa \u015al\u0105skiego w Raciborzu\u003C\/p\u003E\n\u003C\/li\u003E\n\u003Cli\u003EOsoba uprawniona zg\u0142asza ch\u0119\u0107 skorzystania z us\u0142ugi:\u003C\/li\u003E\n\u003Col\u003E\n\u003Cli\u003Et\u0142umacza polskiego j\u0119zyka migowego (PJM)\u003C\/li\u003E\n\u003Cli\u003Esystemu j\u0119zykowo-migowego (SJM)\u003C\/li\u003E\n\u003Cli\u003Esposobu komunikowania si\u0119 os\u00f3b g\u0142uchoniewidomych (SKOGN)\u003C\/li\u003E\n\u003C\/ol\u003E\n\u003C\/ol\u003E\n\u003C\/fieldset\u003E\u003C\/div\u003E\n\u003Cdiv class=\u0022component component-accepted\u0022 data-id=\u002293bc9a37-7312-11e9-90c1-000c290e6fc2\u0022 data-is-editable=\u00222\u0022 data-name=\u0022Bip_PageData\u0022\u003E\u003Cstrong\u003E\u003C\/strong\u003E\u003Cfieldset\u003E\u003Cfieldset\u003E\u003Clegend\u003E\u003Cstrong\u003EWymagane dokumenty\u003C\/strong\u003E\u003C\/legend\u003E\n\u003Cp\u003E\u003Cspan\u003E\u003Cspan id=\u0022przypis#jedorg2\u0022 class=\u0022inline\u0022\u003ENie ma prawnie obowi\u0105zuj\u0105cego wzoru. Mo\u017cliwo\u015b\u0107 wykorzystania wzoru z za\u0142\u0105cznika.\u003C\/span\u003E\u003C\/span\u003E\u003C\/p\u003E\n\u003C\/fieldset\u003E\u003Cfieldset\u003E\u003Clegend\u003E\u003Cstrong\u003ESpos\u00f3b dostarczania dokument\u00f3w\u003C\/strong\u003E\u003C\/legend\u003E\u003C\/fieldset\u003EOsoby uprawnione, kt\u00f3re zamierzaj\u0105 skorzysta\u0107 z us\u0142ugi t\u0142umacza winny, co najmniej 3 dni robocze przed planowan\u0105 wizyt\u0105 (z wy\u0142\u0105czeniem sytuacji nag\u0142ych) z\u0142o\u017cy\u0107 w Sekretariacie Centrum Kszta\u0142cenia Zawodowego i Ustawicznego Wojew\u00f3dztwa \u015al\u0105skiego w Raciborzu(ul. Warszawska 7, 47-400 Racib\u00f3rz), Formularz Zg\u0142oszenia Sprawy lub przes\u0142a\u0107 go za po\u015brednictwem: poczty elektronicznej: \u003Ca href=\u0022mailto:sekretariat@medykraciborz.com.pl\u0022\u003Esekretariat@medykraciborz.com.p\u003C\/a\u003E\u003C\/fieldset\u003E\u003Cfieldset\u003E\u003Clegend\u003E\u003Cstrong\u003EMiejsce z\u0142o\u017cenia dokument\u00f3w w urz\u0119dzie\u003C\/strong\u003E\u003C\/legend\u003E\n\u003Cp\u003ECentrum Kszta\u0142cenia Zawodowego i Ustawicznego Wojew\u00f3dztwa \u015al\u0105skiego w Raciborzu\u003C\/p\u003E\n\u003Cp\u003Eul. Warszawska 7,\u003C\/p\u003E\n\u003Cp\u003E47-400 Racib\u00f3rz\u003C\/p\u003E\n\u003Cp\u003ESekretariat -parter, pok\u00f3j 10\u003C\/p\u003E\n\u003Cbr \/\u003E\u003Cfieldset\u003E\u003Clegend\u003E\u003Cstrong\u003EOp\u0142aty\u003C\/strong\u003E\u003C\/legend\u003E\n\u003Cp\u003EUs\u0142uga jest bezp\u0142atna dla osoby niepe\u0142nosprawnej w rozumieniu ustawy z dnia 27 sierpnia 1997 r. o rehabilitacji zawodowej i spo\u0142ecznej oraz zatrudnianiu os\u00f3b niepe\u0142nosprawnych (Dz. U. z 2021 r. poz. 573 z p\u00f3\u017an. zm.)\u003C\/p\u003E\n\u003C\/fieldset\u003E\u003Cbr \/\u003E\u003Cfieldset\u003E\u003Clegend\u003E\u003Cstrong\u003EPodstawa prawna\u003C\/strong\u003E\u003C\/legend\u003E\n\u003Col\u003E\n\u003Cli\u003EUstawa z dnia 19 sierpnia 2011 r. o j\u0119zyku migowym i innych \u015brodkach komunikowania si\u0119 (tekst jednolity: Dz.U. z 2017 r. poz. 1824).\u003C\/li\u003E\n\u003Cli\u003EUstawa z dnia 27 sierpnia 1997 r. o rehabilitacji zawodowej i spo\u0142ecznej oraz zatrudnianiu os\u00f3b niepe\u0142nosprawnych (tekst jednolity: Dz. U. z 2021 r. poz. 573 z p\u00f3\u017an. zm.).\u003C\/li\u003E\n\u003C\/ol\u003E\n\u003C\/fieldset\u003E\u003C\/fieldset\u003E\u003Cfieldset\u003E\u003C\/fieldset\u003E\u003C\/div\u003E","promotion":false}},{"id":"93bd42ce-7312-11e9-90c1-000c290e6fc2","type":"Gallery","name":"Galeria","description":"Galeria"},{"id":"93bd956b-7312-11e9-90c1-000c290e6fc2","type":"Attachment","name":"Za\u0142\u0105czniki","description":"Za\u0142\u0105czniki do strony","content":[{"src":"\/resource\/31\/tlumacz_zgloszenie_ckziuws_w_Raciborzu.pdf","extension":"PDF","name":"e76914dd6b4375a47e8965f44c193213.pdf","size":"439.67 KB"}]},{"id":"d63e71ef-92cf-11f0-b976-00505697ccff","type":"PageThumbnail","name":"","description":"Miniaturka strony","content":[]}]}